{"id":1546,"date":"2025-04-09T11:46:28","date_gmt":"2025-04-09T09:46:28","guid":{"rendered":"https:\/\/tickb.umh.es\/?page_id=1546"},"modified":"2025-04-09T12:02:53","modified_gmt":"2025-04-09T10:02:53","slug":"como-instalar-adobe-acrobat-desde-descarga-de-software","status":"publish","type":"page","link":"https:\/\/tickb.umh.es\/ca\/soporte-a-equipamiento-informatico\/mantenimiento-de-software-corporativo\/como-instalar-adobe-acrobat-desde-descarga-de-software\/","title":{"rendered":"Com instal\u00b7lar Adobe Acrobat des de Desc\u00e0rrega de Programari"},"content":{"rendered":"<p>Per a instal\u00b7lar Adobe Acrobat en un ordinador, segueix aquests passos.<\/p>\n<p>En la guia es mostren imatges del proc\u00e9s en la seua versi\u00f3 Windows, per\u00f2 el tutorial es pot utilitzar tamb\u00e9 per a instal\u00b7lar la versi\u00f3 de macOS.<\/p>\n<h4><strong>Guia detallada<\/strong><\/h4>\n<ol>\n<li>Accedeix a la <a href=\"https:\/\/sii.umh.es\/\">p\u00e0gina web del Servei d&#8217;Infraestructures Inform\u00e0tiques<\/a> i descarrega l&#8217;instal\u00b7lador d&#8217;Acrobat.<img loading=\"lazy\" class=\"size-medium wp-image-1552 aligncenter\" src=\"https:\/\/tickb.umh.es\/files\/2025\/04\/AdobeDS1-Mediana-300x174.png\" alt=\"\" width=\"300\" height=\"174\" srcset=\"https:\/\/tickb.umh.es\/files\/2025\/04\/AdobeDS1-Mediana-300x174.png 300w, https:\/\/tickb.umh.es\/files\/2025\/04\/AdobeDS1-Mediana-1024x593.png 1024w, https:\/\/tickb.umh.es\/files\/2025\/04\/AdobeDS1-Mediana-768x444.png 768w, https:\/\/tickb.umh.es\/files\/2025\/04\/AdobeDS1-Mediana.png 1327w\" sizes=\"(max-width: 300px) 100vw, 300px\" \/><img loading=\"lazy\" class=\"size-medium wp-image-1555 aligncenter\" src=\"https:\/\/tickb.umh.es\/files\/2025\/04\/AdobeDS2-Mediana-300x174.png\" alt=\"\" width=\"300\" height=\"174\" srcset=\"https:\/\/tickb.umh.es\/files\/2025\/04\/AdobeDS2-Mediana-300x174.png 300w, https:\/\/tickb.umh.es\/files\/2025\/04\/AdobeDS2-Mediana-1024x593.png 1024w, https:\/\/tickb.umh.es\/files\/2025\/04\/AdobeDS2-Mediana-768x445.png 768w, https:\/\/tickb.umh.es\/files\/2025\/04\/AdobeDS2-Mediana.png 1326w\" sizes=\"(max-width: 300px) 100vw, 300px\" \/><img loading=\"lazy\" class=\"size-medium wp-image-1558 aligncenter\" src=\"https:\/\/tickb.umh.es\/files\/2025\/04\/AdobeDS3-Mediana-300x156.png\" alt=\"\" width=\"300\" height=\"156\" srcset=\"https:\/\/tickb.umh.es\/files\/2025\/04\/AdobeDS3-Mediana-300x156.png 300w, https:\/\/tickb.umh.es\/files\/2025\/04\/AdobeDS3-Mediana-1024x533.png 1024w, https:\/\/tickb.umh.es\/files\/2025\/04\/AdobeDS3-Mediana-768x400.png 768w, https:\/\/tickb.umh.es\/files\/2025\/04\/AdobeDS3-Mediana.png 1366w\" sizes=\"(max-width: 300px) 100vw, 300px\" \/><\/li>\n<li>Llegeix i accepta les condicions d&#8217;\u00fas del programari i tria la versi\u00f3 que corresponga al sistema operatiu del teu ordinador.<img loading=\"lazy\" class=\"size-medium wp-image-1561 aligncenter\" src=\"https:\/\/tickb.umh.es\/files\/2025\/04\/AdobeDS4-Mediana-272x300.png\" alt=\"\" width=\"272\" height=\"300\" srcset=\"https:\/\/tickb.umh.es\/files\/2025\/04\/AdobeDS4-Mediana-272x300.png 272w, https:\/\/tickb.umh.es\/files\/2025\/04\/AdobeDS4-Mediana.png 768w\" sizes=\"(max-width: 272px) 100vw, 272px\" \/><\/li>\n<li>Fes clic en <strong>aqu\u00ed<\/strong> per a iniciar la desc\u00e0rrega.<img loading=\"lazy\" class=\"size-medium wp-image-1564 aligncenter\" src=\"https:\/\/tickb.umh.es\/files\/2025\/04\/AdobeDS5-Mediana-300x104.png\" alt=\"\" width=\"300\" height=\"104\" srcset=\"https:\/\/tickb.umh.es\/files\/2025\/04\/AdobeDS5-Mediana-300x104.png 300w, https:\/\/tickb.umh.es\/files\/2025\/04\/AdobeDS5-Mediana-1024x354.png 1024w, https:\/\/tickb.umh.es\/files\/2025\/04\/AdobeDS5-Mediana-768x265.png 768w, https:\/\/tickb.umh.es\/files\/2025\/04\/AdobeDS5-Mediana.png 1366w\" sizes=\"(max-width: 300px) 100vw, 300px\" \/><\/li>\n<li>Si la desc\u00e0rrega per aquest procediment falla, \u00e9s possible obtenir el programari directament des dels seg\u00fcents enlla\u00e7os:\n<ul>\n<li><a href=\"https:\/\/drive.google.com\/file\/d\/1DTIF-cJlxOdRfH1VelP6FN1CsSV70B_A\/view?usp=sharing\">Adobe per a Windows<\/a><\/li>\n<li><a href=\"https:\/\/drive.google.com\/file\/d\/1rxK1RVvA8At6FNcvgtVjqi_EghfUce72\/view?usp=sharing\">Adobe per a macOS<\/a><\/li>\n<\/ul>\n<\/li>\n<li>Extreu i obri l&#8217;arxiu descarregat i segueix les instruccions en pantalla per a instal\u00b7lar el programa.\n<ul>\n<li>En Windows, executa l&#8217;arxiu<strong> setup.exe<\/strong>.<\/li>\n<li>En macOS, obri <strong>Acrobat_23_NUD_Mac_Install.pkg<\/strong>.<img loading=\"lazy\" class=\"size-medium wp-image-1567 aligncenter\" src=\"https:\/\/tickb.umh.es\/files\/2025\/04\/AdobeDS6-Mediana-300x231.png\" alt=\"\" width=\"300\" height=\"231\" srcset=\"https:\/\/tickb.umh.es\/files\/2025\/04\/AdobeDS6-Mediana-300x231.png 300w, https:\/\/tickb.umh.es\/files\/2025\/04\/AdobeDS6-Mediana-768x590.png 768w, https:\/\/tickb.umh.es\/files\/2025\/04\/AdobeDS6-Mediana.png 999w\" sizes=\"(max-width: 300px) 100vw, 300px\" \/><img loading=\"lazy\" class=\"size-medium wp-image-1570 aligncenter\" src=\"https:\/\/tickb.umh.es\/files\/2025\/04\/AdobeDS7-Mediana-300x229.png\" alt=\"\" width=\"300\" height=\"229\" srcset=\"https:\/\/tickb.umh.es\/files\/2025\/04\/AdobeDS7-Mediana-300x229.png 300w, https:\/\/tickb.umh.es\/files\/2025\/04\/AdobeDS7-Mediana-768x587.png 768w, https:\/\/tickb.umh.es\/files\/2025\/04\/AdobeDS7-Mediana.png 1005w\" sizes=\"(max-width: 300px) 100vw, 300px\" \/><\/li>\n<\/ul>\n<\/li>\n<li>Quan acabe la instal\u00b7laci\u00f3, inicia sessi\u00f3 amb el teu compte de la Universitat Miguel Hern\u00e1ndez.\n<ul>\n<li>Selecciona Continuar amb Google, tria el compte de la universitat i despr\u00e9s Compte d&#8217;empresa o centre educatiu.<img loading=\"lazy\" class=\"size-medium wp-image-1573 aligncenter\" src=\"https:\/\/tickb.umh.es\/files\/2025\/04\/AdobeDS8-Mediana-300x171.png\" alt=\"\" width=\"300\" height=\"171\" srcset=\"https:\/\/tickb.umh.es\/files\/2025\/04\/AdobeDS8-Mediana-300x171.png 300w, https:\/\/tickb.umh.es\/files\/2025\/04\/AdobeDS8-Mediana-1024x585.png 1024w, https:\/\/tickb.umh.es\/files\/2025\/04\/AdobeDS8-Mediana-768x439.png 768w, https:\/\/tickb.umh.es\/files\/2025\/04\/AdobeDS8-Mediana.png 1344w\" sizes=\"(max-width: 300px) 100vw, 300px\" \/><img loading=\"lazy\" class=\"size-medium wp-image-1576 aligncenter\" src=\"https:\/\/tickb.umh.es\/files\/2025\/04\/AdobeDS9-Mediana-208x300.png\" alt=\"\" width=\"208\" height=\"300\" srcset=\"https:\/\/tickb.umh.es\/files\/2025\/04\/AdobeDS9-Mediana-208x300.png 208w, https:\/\/tickb.umh.es\/files\/2025\/04\/AdobeDS9-Mediana-709x1024.png 709w, https:\/\/tickb.umh.es\/files\/2025\/04\/AdobeDS9-Mediana.png 768w\" sizes=\"(max-width: 208px) 100vw, 208px\" \/><img loading=\"lazy\" class=\"size-medium wp-image-1579 aligncenter\" src=\"https:\/\/tickb.umh.es\/files\/2025\/04\/AdobeDS10-Mediana-246x300.png\" alt=\"\" width=\"246\" height=\"300\" srcset=\"https:\/\/tickb.umh.es\/files\/2025\/04\/AdobeDS10-Mediana-246x300.png 246w, https:\/\/tickb.umh.es\/files\/2025\/04\/AdobeDS10-Mediana.png 768w\" sizes=\"(max-width: 246px) 100vw, 246px\" \/><img loading=\"lazy\" class=\"size-medium wp-image-1582 aligncenter\" src=\"https:\/\/tickb.umh.es\/files\/2025\/04\/AdobeDS11-Mediana-300x257.png\" alt=\"\" width=\"300\" height=\"257\" srcset=\"https:\/\/tickb.umh.es\/files\/2025\/04\/AdobeDS11-Mediana-300x257.png 300w, https:\/\/tickb.umh.es\/files\/2025\/04\/AdobeDS11-Mediana-768x658.png 768w, https:\/\/tickb.umh.es\/files\/2025\/04\/AdobeDS11-Mediana.png 896w\" sizes=\"(max-width: 300px) 100vw, 300px\" \/><\/li>\n<\/ul>\n<\/li>\n<\/ol>\n<p>Seguint aquests passos ja tindrem instal\u00b7lat i activada la nostra llic\u00e8ncia d&#8217;Adobe Acrobat en el nostre ordinador. Podem usar la llic\u00e8ncia nom\u00e9s en dos equips alhora. Si volem activar-la en un tercer equip, Adobe ens demanar\u00e0 que desactivem una de les anteriors i ens facilitar\u00e0 una finestra per a fer-ho.<\/p>\n<h4><\/h4>\n<div class=\"confluence-information-macro confluence-information-macro-warning conf-macro output-block\" style=\"text-align: justify;\" data-hasbody=\"true\" data-macro-name=\"warning\">\n<div class=\"confluence-information-macro-body\">\n<blockquote style=\"text-align: center;\">\n<table style=\"background-color: #fff8f7; border: 2px solid #d04437; margin: 0px auto; height: 91px;\" width=\"628\">\n<tbody>\n<tr>\n<td style=\"text-align: justify;\" width=\"566\">\n<h4><strong>Advert\u00e8ncia<\/strong><\/h4>\n<p>Nom\u00e9s \u00e9s possible activar la llic\u00e8ncia d&#8217;Adobe Acrobat en dos equips.<\/td>\n<\/tr>\n<\/tbody>\n<\/table>\n<\/blockquote>\n<\/div>\n<\/div>\n<div class=\"confluence-information-macro confluence-information-macro-warning conf-macro output-block\" style=\"text-align: center;\" data-hasbody=\"true\" data-macro-name=\"warning\">\n<div class=\"confluence-information-macro-body\" style=\"text-align: justify;\">\n<blockquote style=\"text-align: center;\">\n<table style=\"background-color: #fffdf6; border: 2px solid #ffeaae; margin: 0px auto; height: 170px;\" width=\"629\">\n<tbody>\n<tr>\n<td style=\"text-align: left;\" width=\"566\">\n<h4><strong>Nota<\/strong><\/h4>\n<p>Recorda que si no necessites totes les eines que ofereix Adobe Acrobat, \u00e9s possible realitzar moltes de les seues funcions amb la versi\u00f3 gratu\u00efta del mateix, pots consultar aquest article per a m\u00e9s informaci\u00f3: <a href=\"https:\/\/tickb.umh.es\/soporte-a-equipamiento-informatico\/mantenimiento-de-software-corporativo\/como-usar-algunas-funciones-de-adobe-acrobat-con-adobe-reader-y-word\/\">Com usar algunes funcions d&#8217;Adobe Acrobat amb Adobe Reader i Word.<\/a><\/td>\n<\/tr>\n<\/tbody>\n<\/table>\n<\/blockquote>\n<\/div>\n<\/div>\n<p>&nbsp;<\/p>","protected":false},"excerpt":{"rendered":"<p>Per a instal\u00b7lar Adobe Acrobat en un ordinador, segueix aquests passos.<br \/>\nEn la guia es mostren imatges del proc\u00e9s en la seua versi\u00f3 Windows, per\u00f2 el tutorial es pot utilitzar tamb\u00e9 per a instal\u00b7lar la versi\u00f3 de macOS.<br \/>\nGuia detallada<\/p>\n<p>Accedeix a la p\u00e0gina web del Servei d&#8217;Infraestructures Inform\u00e0tiques i descarrega l&#8217;instal\u00b7lador d&#8217;Acrobat.<br \/>\nLlegeix i accepta les condicions d&#8217;\u00fas [&#8230;]<\/p>\n","protected":false},"author":88,"featured_media":0,"parent":80,"menu_order":0,"comment_status":"closed","ping_status":"closed","template":"","meta":{"_links_to":"","_links_to_target":""},"_links":{"self":[{"href":"https:\/\/tickb.umh.es\/ca\/wp-json\/wp\/v2\/pages\/1546"}],"collection":[{"href":"https:\/\/tickb.umh.es\/ca\/wp-json\/wp\/v2\/pages"}],"about":[{"href":"https:\/\/tickb.umh.es\/ca\/wp-json\/wp\/v2\/types\/page"}],"author":[{"embeddable":true,"href":"https:\/\/tickb.umh.es\/ca\/wp-json\/wp\/v2\/users\/88"}],"replies":[{"embeddable":true,"href":"https:\/\/tickb.umh.es\/ca\/wp-json\/wp\/v2\/comments?post=1546"}],"version-history":[{"count":0,"href":"https:\/\/tickb.umh.es\/ca\/wp-json\/wp\/v2\/pages\/1546\/revisions"}],"up":[{"embeddable":true,"href":"https:\/\/tickb.umh.es\/ca\/wp-json\/wp\/v2\/pages\/80"}],"wp:attachment":[{"href":"https:\/\/tickb.umh.es\/ca\/wp-json\/wp\/v2\/media?parent=1546"}],"curies":[{"name":"wp","href":"https:\/\/api.w.org\/{rel}","templated":true}]}}