{"id":1604,"date":"2025-04-09T13:43:42","date_gmt":"2025-04-09T11:43:42","guid":{"rendered":"https:\/\/tickb.umh.es\/?page_id=1604"},"modified":"2025-04-09T13:55:44","modified_gmt":"2025-04-09T11:55:44","slug":"como-modificar-la-locucion-del-contestador","status":"publish","type":"page","link":"https:\/\/tickb.umh.es\/ca\/comunicaciones\/telefonia-fija\/como-modificar-la-locucion-del-contestador\/","title":{"rendered":"Com modificar la locuci\u00f3 del contestador"},"content":{"rendered":"<p><\/p>\n<h3>Guia detallada<\/h3>\n<p>El missatge de benvinguda aix\u00ed com altres par\u00e0metres de configuraci\u00f3 es configuren des de les opcions de configuraci\u00f3 del b\u00fastia de veu. Per accedir al men\u00fa haurem de seguir els seg\u00fcents passos:<\/p>\n<ol>\n<li>Connectar amb el b\u00fastia de veu mitjan\u00e7ant la tecla programada del nostre terminal telef\u00f2nic.<img loading=\"lazy\" class=\"alignnone wp-image-1591\" src=\"https:\/\/tickb.umh.es\/files\/2025\/04\/voicemail1.jpg\" alt=\"\" width=\"50\" height=\"30\" \/><\/li>\n<li>Ens sol\u00b7licitar\u00e0 que teclegem el nostre n\u00famero d&#8217;identificaci\u00f3 personal seguit de coixinet.<\/li>\n<li>Una vegada dins del servei, seguirem la seg\u00fcent ruta d&#8217;opcions:\n<ul>\n<li><img loading=\"lazy\" class=\"alignnone wp-image-1594\" src=\"https:\/\/tickb.umh.es\/files\/2025\/04\/voicemail2.png\" alt=\"\" width=\"50\" height=\"32\" \/>&#8220;Opcions de configuraci\u00f3&#8221;<\/li>\n<li><img loading=\"lazy\" class=\"alignnone wp-image-1600\" src=\"https:\/\/tickb.umh.es\/files\/2025\/04\/voicemail4.png\" alt=\"\" width=\"50\" height=\"32\" \/>&#8220;Per canviar salutacions&#8221;<\/li>\n<li><img loading=\"lazy\" class=\"alignnone wp-image-1607\" src=\"https:\/\/tickb.umh.es\/files\/2025\/04\/voicemail5.png\" alt=\"\" width=\"50\" height=\"32\" \/>&#8220;Per gravar salutacions en espanyol d&#8217;Europa&#8221;<\/li>\n<li><img loading=\"lazy\" class=\"alignnone wp-image-1597\" src=\"https:\/\/tickb.umh.es\/files\/2025\/04\/voicemail3.png\" alt=\"\" width=\"50\" height=\"32\" \/>&#8220;Per editar altres salutacions&#8221;<\/li>\n<\/ul>\n<\/li>\n<li>Haurem de seleccionar la salutaci\u00f3 que vulguem modificar de les seg\u00fcents opcions:\n<ul>\n<li><img loading=\"lazy\" class=\"alignnone wp-image-1600\" src=\"https:\/\/tickb.umh.es\/files\/2025\/04\/voicemail4.png\" alt=\"\" width=\"50\" height=\"32\" \/>&#8220;Salutaci\u00f3 habitual&#8221;<\/li>\n<li><img loading=\"lazy\" class=\"alignnone wp-image-1607\" src=\"https:\/\/tickb.umh.es\/files\/2025\/04\/voicemail5.png\" alt=\"\" width=\"50\" height=\"32\" \/>&#8220;Salutaci\u00f3 d&#8217;horari no laborable&#8221;<\/li>\n<li><img loading=\"lazy\" class=\"alignnone wp-image-1597\" src=\"https:\/\/tickb.umh.es\/files\/2025\/04\/voicemail3.png\" alt=\"\" width=\"50\" height=\"32\" \/>&#8220;Salutaci\u00f3 alternativa&#8221;<\/li>\n<li><img loading=\"lazy\" class=\"alignnone wp-image-1594\" src=\"https:\/\/tickb.umh.es\/files\/2025\/04\/voicemail2.png\" alt=\"\" width=\"50\" height=\"32\" \/>&#8220;Salutaci\u00f3 d&#8217;ocupat&#8221;<\/li>\n<li><img loading=\"lazy\" class=\"alignnone wp-image-1610\" src=\"https:\/\/tickb.umh.es\/files\/2025\/04\/voicemail6.png\" alt=\"\" width=\"50\" height=\"32\" \/>&#8220;Salutaci\u00f3 per a trucades internes&#8221;<\/li>\n<li><img loading=\"lazy\" class=\"alignnone wp-image-1613\" src=\"https:\/\/tickb.umh.es\/files\/2025\/04\/voicemail7.png\" alt=\"\" width=\"50\" height=\"32\" \/>&#8220;Salutaci\u00f3 per a festius&#8221;<\/li>\n<\/ul>\n<\/li>\n<li>En cada opci\u00f3 escoltarem les opcions per tornar a gravar el missatge. Seguirem els passos indicats en la locuci\u00f3.<\/li>\n<\/ol>\n<p><\/p>","protected":false},"excerpt":{"rendered":"<p>Guia detallada<br \/>\nEl missatge de benvinguda aix\u00ed com altres par\u00e0metres de configuraci\u00f3 es configuren des de les opcions de configuraci\u00f3 del b\u00fastia de veu. Per accedir al men\u00fa haurem de seguir els seg\u00fcents passos:<\/p>\n<p>Connectar amb el b\u00fastia de veu mitjan\u00e7ant la tecla programada del nostre terminal telef\u00f2nic.<br \/>\nEns sol\u00b7licitar\u00e0 que teclegem el nostre n\u00famero d&#8217;identificaci\u00f3 personal seguit [&#8230;]<\/p>\n","protected":false},"author":88,"featured_media":0,"parent":68,"menu_order":0,"comment_status":"closed","ping_status":"closed","template":"","meta":{"_links_to":"","_links_to_target":""},"_links":{"self":[{"href":"https:\/\/tickb.umh.es\/ca\/wp-json\/wp\/v2\/pages\/1604"}],"collection":[{"href":"https:\/\/tickb.umh.es\/ca\/wp-json\/wp\/v2\/pages"}],"about":[{"href":"https:\/\/tickb.umh.es\/ca\/wp-json\/wp\/v2\/types\/page"}],"author":[{"embeddable":true,"href":"https:\/\/tickb.umh.es\/ca\/wp-json\/wp\/v2\/users\/88"}],"replies":[{"embeddable":true,"href":"https:\/\/tickb.umh.es\/ca\/wp-json\/wp\/v2\/comments?post=1604"}],"version-history":[{"count":0,"href":"https:\/\/tickb.umh.es\/ca\/wp-json\/wp\/v2\/pages\/1604\/revisions"}],"up":[{"embeddable":true,"href":"https:\/\/tickb.umh.es\/ca\/wp-json\/wp\/v2\/pages\/68"}],"wp:attachment":[{"href":"https:\/\/tickb.umh.es\/ca\/wp-json\/wp\/v2\/media?parent=1604"}],"curies":[{"name":"wp","href":"https:\/\/api.w.org\/{rel}","templated":true}]}}