{"id":188,"date":"2025-03-27T11:13:19","date_gmt":"2025-03-27T10:13:19","guid":{"rendered":"https:\/\/tickb.umh.es\/?page_id=188"},"modified":"2025-03-27T12:27:07","modified_gmt":"2025-03-27T11:27:07","slug":"como-gestionar-los-permisos-del-servicio-de-impresion-centralizada","status":"publish","type":"page","link":"https:\/\/tickb.umh.es\/ca\/soporte-a-equipamiento-informatico\/impresion-corporativa\/como-gestionar-los-permisos-del-servicio-de-impresion-centralizada\/","title":{"rendered":"Com gestionar els permisos del servei d&#8217;impressi\u00f3 centralitzada"},"content":{"rendered":"<p><\/p>\n<div>\n<p style=\"text-align: justify;\" align=\"justify\">Actualment la Universitat ofereix el <strong>Servei de Gesti\u00f3 d&#8217;Impressi\u00f3 per al personal PAS\/PDI de la UMH<\/strong>. Per defecte el PAS\/PDI disposa de permisos per a usar les impressores del Servei d&#8217;Impressi\u00f3 Centralitzada imputant els costos a la\/s Unitat\/s Organitzativa\/s a la qual pertany. Per a aix\u00f2, una vegada configurades les impressores en l&#8217;equip, abans d&#8217;imprimir, s&#8217;ha de seleccionar la Unitat Organitzativa a la qual es far\u00e0 el c\u00e0rrec de la impressi\u00f3.<\/p>\n<p style=\"text-align: justify;\" align=\"justify\"><img loading=\"lazy\" class=\"wp-image-200 size-full aligncenter\" src=\"https:\/\/tickb.umh.es\/files\/2025\/03\/PermisosImpresion1.jpeg\" alt=\"\" width=\"745\" height=\"405\" srcset=\"https:\/\/tickb.umh.es\/files\/2025\/03\/PermisosImpresion1.jpeg 745w, https:\/\/tickb.umh.es\/files\/2025\/03\/PermisosImpresion1-300x163.jpeg 300w\" sizes=\"(max-width: 745px) 100vw, 745px\" \/><\/p>\n<h4><\/h4>\n<h4 id=\"C\u00f3mogestionarlospermisosdelserviciodeimpresi\u00f3ncentralizada-COLECTIVOSSINPERMISOS\" class=\"western\" style=\"text-align: justify;\"><strong>COL\u00b7LECTIUS SENSE PERMISOS<\/strong><\/h4>\n<p>A vegades, el personal PAS\/PDI que necessita imprimir ha d&#8217;imputar el cost en una altra Unitat Organitzativa diferent a la qual pertany, o b\u00e9 altres col\u00b7lectius com becaris, col\u00b7laboradors o empreses externes no tenen permisos per defecte per a imprimir. Per a que aquestes persones puguen imprimir i imputar els costos en una Unitat Organitzativa, els responsables d&#8217;aquestes unitats han d&#8217;atorgar-los el perm\u00eds necessari.<\/p>\n<p>A continuaci\u00f3 es descriuen els passos que ha de seguir el responsable d&#8217;una Unitat Organitzativa per a donar permisos d&#8217;impressi\u00f3 <strong>imputant els costos en la seua Unitat<\/strong>.<\/p>\n<h4><\/h4>\n<h4 id=\"C\u00f3mogestionarlospermisosdelserviciodeimpresi\u00f3ncentralizada-Gu\u00edadetallada\" class=\"western\" style=\"text-align: justify;\"><strong>Guia detallada<\/strong><\/h4>\n<ol style=\"text-align: justify;\">\n<li>\n<p align=\"justify\">Accedir a trav\u00e9s de l&#8217;acc\u00e9s identificat a l&#8217;aplicaci\u00f3 \u201c<strong>Integraci\u00f3<\/strong>\u201d<\/p>\n<p align=\"justify\"><strong><img loading=\"lazy\" class=\"aligncenter wp-image-203 size-full\" src=\"https:\/\/tickb.umh.es\/files\/2025\/03\/PermisosImpresion2.jpeg\" alt=\"\" width=\"484\" height=\"297\" srcset=\"https:\/\/tickb.umh.es\/files\/2025\/03\/PermisosImpresion2.jpeg 484w, https:\/\/tickb.umh.es\/files\/2025\/03\/PermisosImpresion2-300x184.jpeg 300w\" sizes=\"(max-width: 484px) 100vw, 484px\" \/><\/strong><\/p>\n<\/li>\n<li>\n<p align=\"left\">Seleccionar \u201c<strong>Gesti\u00f3 de funcions de persones de la UMH<\/strong>\u201d<\/p>\n<p align=\"left\"><strong><img loading=\"lazy\" class=\"aligncenter wp-image-206 size-full\" src=\"https:\/\/tickb.umh.es\/files\/2025\/03\/PermisosImpresion3.jpeg\" alt=\"\" width=\"282\" height=\"300\" \/><\/strong><\/p>\n<\/li>\n<li>\n<p align=\"left\">Seleccionar \u201c<strong>Assignar persona a Unitat Organitzativa i Funci\u00f3<\/strong>\u201d<\/p>\n<p align=\"left\"><strong><span class=\"confluence-embedded-file-wrapper image-center-wrapper confluence-embedded-manual-size\"><img loading=\"lazy\" class=\"size-medium wp-image-209 aligncenter\" src=\"https:\/\/tickb.umh.es\/files\/2025\/03\/PermisosImpresion4-300x238.jpeg\" alt=\"\" width=\"300\" height=\"238\" srcset=\"https:\/\/tickb.umh.es\/files\/2025\/03\/PermisosImpresion4-300x238.jpeg 300w, https:\/\/tickb.umh.es\/files\/2025\/03\/PermisosImpresion4.jpeg 565w\" sizes=\"(max-width: 300px) 100vw, 300px\" \/><\/span><br \/>\n<\/strong><\/p>\n<\/li>\n<li>\n<p align=\"justify\">Seleccionar:<\/p>\n<\/li>\n<\/ol>\n<div style=\"text-align: justify;\">\n<ol>\n<li style=\"list-style-type: none;\">\n<ul>\n<li>\n<p align=\"justify\"><strong>Tipo de Funci\u00f3n &#8211;\u00a0<\/strong>\u201cPERMISOS Y FIRMAS\u201d<\/p>\n<\/li>\n<li>\n<p align=\"justify\"><strong>Nombre de Funci\u00f3n &#8211;\u00a0<\/strong>\u201cPERSONAL CON DERECHO A IMPRIMIR (1546)\u201d<\/p>\n<\/li>\n<li>\n<p align=\"justify\"><strong>Tipo de Unidad Organizativa \u2013<\/strong>Seleccionar la que corresponga.<\/p>\n<\/li>\n<li>\n<p align=\"justify\"><strong>Nombre de Unidad Organizativa \u2013<\/strong>Seleccionar la que corresponga.<\/p>\n<\/li>\n<li>\n<p align=\"justify\"><strong>Nombre de Persona (Apellidos, Nombre) \u2013<\/strong>Indicar els cognoms de la persona a la qual se li vol donar el perm\u00eds i seleccionar-la.<\/p>\n<\/li>\n<li>\n<p align=\"justify\"><strong>DNI \u2013 <\/strong>Es completar\u00e0 autom\u00e0ticament al seleccionar la persona en el camp anterior.<\/p>\n<\/li>\n<li>\n<p align=\"justify\"><strong>Tel\u00e9fono \u2013 <\/strong>No complimentar.<\/p>\n<\/li>\n<li>\n<p align=\"justify\"><strong>Correo electr\u00f3nico \u2013 <\/strong>No complimentar.<\/p>\n<\/li>\n<li>\n<p align=\"justify\"><strong>Fecha inicio &#8211; <\/strong>Per defecte ve la data del sistema.<\/p>\n<\/li>\n<li>\n<p align=\"justify\"><strong>Fecha Fin \u2013 <\/strong>Indicar la data fins a la qual es vol que la persona tinga perm\u00eds d&#8217;impressi\u00f3.<\/p>\n<\/li>\n<li>\n<p align=\"justify\">Per \u00faltim, donar-li al bot\u00f3 crear.<\/p>\n<\/li>\n<\/ul>\n<\/li>\n<\/ol>\n<p><img loading=\"lazy\" class=\"wp-image-212 size-full aligncenter\" src=\"https:\/\/tickb.umh.es\/files\/2025\/03\/PermisosImpresion5.jpeg\" alt=\"\" width=\"868\" height=\"493\" srcset=\"https:\/\/tickb.umh.es\/files\/2025\/03\/PermisosImpresion5.jpeg 868w, https:\/\/tickb.umh.es\/files\/2025\/03\/PermisosImpresion5-300x170.jpeg 300w, https:\/\/tickb.umh.es\/files\/2025\/03\/PermisosImpresion5-768x436.jpeg 768w\" sizes=\"(max-width: 868px) 100vw, 868px\" \/><\/p>\n<\/div>\n<\/div>\n<div class=\"confluence-information-macro confluence-information-macro-warning conf-macro output-block\" style=\"text-align: justify;\" data-hasbody=\"true\" data-macro-name=\"warning\">\n<div class=\"confluence-information-macro-body\">\n<blockquote style=\"text-align: center;\"><p>&nbsp;<\/p>\n<table style=\"background-color: #fff8f7; border: 2px solid #d04437; margin: 0px auto; height: 91px;\" width=\"628\">\n<tbody>\n<tr>\n<td style=\"text-align: justify;\" width=\"566\"><strong>Advert\u00e8ncia:<\/strong><\/p>\n<p>Una vegada atorgat el perm\u00eds d&#8217;impressi\u00f3, ser\u00e0 efectiu al dia seg\u00fcent.<\/td>\n<\/tr>\n<\/tbody>\n<\/table>\n<\/blockquote>\n<\/div>\n<\/div>\n<div class=\"confluence-information-macro confluence-information-macro-warning conf-macro output-block\" style=\"text-align: center;\" data-hasbody=\"true\" data-macro-name=\"warning\">\n<div class=\"confluence-information-macro-body\" style=\"text-align: justify;\">\n<blockquote style=\"text-align: center;\">\n<table style=\"background-color: #fffdf6; border: 2px solid #ffeaae; margin: 0px auto; height: 186px;\" width=\"627\">\n<tbody>\n<tr>\n<td style=\"text-align: left;\" width=\"566\"><span style=\"text-decoration: underline;\"><span style=\"color: #000000;\"><strong>Nota:<\/strong><\/span><\/span><\/p>\n<p>Una vegada actiu el perm\u00eds la persona haur\u00e0 d&#8217;instal\u00b7lar-se la impressora des de \\eprinterw01.umhnet.es fent doble clic sobre el nom de la impressora que desitge usar.<\/p>\n<p>Qualsevol dubte o aclariment no dubtes en posar-te en contacte amb el CAU a trav\u00e9s de cau.umh.es o b\u00e9 en el tel\u00e8fon 96665(8582).<\/td>\n<\/tr>\n<\/tbody>\n<\/table>\n<\/blockquote>\n<\/div>\n<\/div>\n<p style=\"text-align: center;\">\n<p><\/p>","protected":false},"excerpt":{"rendered":"<p>Actualment la Universitat ofereix el Servei de Gesti\u00f3 d&#8217;Impressi\u00f3 per al personal PAS\/PDI de la UMH. Per defecte el PAS\/PDI disposa de permisos per a usar les impressores del Servei d&#8217;Impressi\u00f3 Centralitzada imputant els costos a la\/s Unitat\/s Organitzativa\/s a la qual pertany. Per a aix\u00f2, una vegada configurades les impressores en l&#8217;equip, abans d&#8217;imprimir, [&#8230;]<\/p>\n","protected":false},"author":88,"featured_media":0,"parent":74,"menu_order":12,"comment_status":"closed","ping_status":"closed","template":"","meta":{"_links_to":"","_links_to_target":""},"_links":{"self":[{"href":"https:\/\/tickb.umh.es\/ca\/wp-json\/wp\/v2\/pages\/188"}],"collection":[{"href":"https:\/\/tickb.umh.es\/ca\/wp-json\/wp\/v2\/pages"}],"about":[{"href":"https:\/\/tickb.umh.es\/ca\/wp-json\/wp\/v2\/types\/page"}],"author":[{"embeddable":true,"href":"https:\/\/tickb.umh.es\/ca\/wp-json\/wp\/v2\/users\/88"}],"replies":[{"embeddable":true,"href":"https:\/\/tickb.umh.es\/ca\/wp-json\/wp\/v2\/comments?post=188"}],"version-history":[{"count":0,"href":"https:\/\/tickb.umh.es\/ca\/wp-json\/wp\/v2\/pages\/188\/revisions"}],"up":[{"embeddable":true,"href":"https:\/\/tickb.umh.es\/ca\/wp-json\/wp\/v2\/pages\/74"}],"wp:attachment":[{"href":"https:\/\/tickb.umh.es\/ca\/wp-json\/wp\/v2\/media?parent=188"}],"curies":[{"name":"wp","href":"https:\/\/api.w.org\/{rel}","templated":true}]}}