{"id":2144,"date":"2025-11-13T08:41:38","date_gmt":"2025-11-13T07:41:38","guid":{"rendered":"https:\/\/tickb.umh.es\/?page_id=2144"},"modified":"2025-11-13T09:32:20","modified_gmt":"2025-11-13T08:32:20","slug":"como-activar-adobe-acrobat","status":"publish","type":"page","link":"https:\/\/tickb.umh.es\/ca\/soporte-a-equipamiento-informatico\/mantenimiento-de-software-corporativo\/como-activar-adobe-acrobat\/","title":{"rendered":"Com activar Adobe Acrobat"},"content":{"rendered":"<p>La Universitat disposa de llic\u00e8ncia d&#8217;<b>Adobe Acrobat Professional<\/b> que et permetr\u00e0 l&#8217;activaci\u00f3 del producte en <b>fins a dos equips de treball<\/b> amb el teu compte UMH.<\/p>\n<p>Aquesta llic\u00e8ncia est\u00e0 disponible per al personal <b>PTGAS, PDI i PI<\/b>, sempre que s&#8217;utilitze per a activitats acad\u00e8miques i administratives relacionades amb la Universitat.<\/p>\n<blockquote><p>Si superem el l\u00edmit d&#8217;activacions de producte, Adobe ens mostrar\u00e0 un error en pantalla. No cal preocupar-se per aix\u00f2, ja que en aquest tutorial mostrarem com realitzar l&#8217;activaci\u00f3 de la llic\u00e8ncia i qu\u00e8 fer si superem el l\u00edmit.<\/p><\/blockquote>\n<p>&nbsp;<\/p>\n<h3>1. Com realitzar l&#8217;Activaci\u00f3 d&#8217;Adobe Acrobat<\/h3>\n<h4>Guia detallada<\/h4>\n<ol start=\"1\">\n<li>En iniciar l&#8217;aplicaci\u00f3 per primera vegada, eixir\u00e0 la seg\u00fcent finestra on se&#8217;ns sol\u00b7licitar\u00e0 el nostre compte.<\/li>\n<li>En el camp \u201c<b>Adre\u00e7a de correu electr\u00f2nic<\/b>\u201d posarem el nostre correu de la <b>Universitat Miguel Hern\u00e1ndez<\/b> i prem\u00e9rem en \u201c<strong>Continuar<\/strong>\u201d.<img loading=\"lazy\" class=\"size-medium wp-image-2147 aligncenter\" src=\"https:\/\/tickb.umh.es\/files\/2025\/11\/AdobeInicioSesion-214x300.png\" alt=\"\" width=\"214\" height=\"300\" srcset=\"https:\/\/tickb.umh.es\/files\/2025\/11\/AdobeInicioSesion-214x300.png 214w, https:\/\/tickb.umh.es\/files\/2025\/11\/AdobeInicioSesion.png 321w\" sizes=\"(max-width: 214px) 100vw, 214px\" \/><\/li>\n<li>Despr\u00e9s, ens demanaran que seleccionem el tipus de compte, marcarem l&#8217;opci\u00f3 \u201c<b>Compte d&#8217;empresa o centre educatiu<\/b>\u201d.<img loading=\"lazy\" class=\"size-medium wp-image-2150 aligncenter\" src=\"https:\/\/tickb.umh.es\/files\/2025\/11\/AdobeTipoCuenta-300x283.png\" alt=\"\" width=\"300\" height=\"283\" srcset=\"https:\/\/tickb.umh.es\/files\/2025\/11\/AdobeTipoCuenta-300x283.png 300w, https:\/\/tickb.umh.es\/files\/2025\/11\/AdobeTipoCuenta.png 500w\" sizes=\"(max-width: 300px) 100vw, 300px\" \/><\/li>\n<li>A continuaci\u00f3 ens dirigiran al web d&#8217;inici de sessi\u00f3 de la Universitat Miguel Hern\u00e1ndez. Usarem el nostre <b>usuari i contrasenya habitual<\/b> i prem\u00e9rem acceptar. \u00c9s possible que se&#8217;ns sol\u00b7licite el nostre codi d&#8217;<b>Autenticaci\u00f3 de doble factor<\/b> despr\u00e9s d&#8217;introduir la contrasenya.<img loading=\"lazy\" class=\"size-medium wp-image-1064 aligncenter\" src=\"https:\/\/tickb.umh.es\/files\/2025\/04\/filesender4-153x300.png\" alt=\"\" width=\"153\" height=\"300\" srcset=\"https:\/\/tickb.umh.es\/files\/2025\/04\/filesender4-153x300.png 153w, https:\/\/tickb.umh.es\/files\/2025\/04\/filesender4.png 375w\" sizes=\"(max-width: 153px) 100vw, 153px\" \/><\/li>\n<\/ol>\n<p><b>Enhorabona!<\/b> Ja hem activat la nostra llic\u00e8ncia i l&#8217;aplicaci\u00f3 d&#8217;Adobe funcionar\u00e0 amb totes les eines <i>premium<\/i> de treball.<\/p>\n<p>&nbsp;<\/p>\n<h3>2. Com Activar un Producte Despr\u00e9s de Superar el L\u00edmit<\/h3>\n<h4>Guia detallada<\/h4>\n<ol start=\"1\">\n<li>Si en obrir Adobe en un equip o en activar la llic\u00e8ncia, el programari ens indica que hem superat el l\u00edmit d&#8217;activacions, Adobe ens mostrar\u00e0 una finestra.<img loading=\"lazy\" class=\"size-medium wp-image-2153 aligncenter\" src=\"https:\/\/tickb.umh.es\/files\/2025\/11\/AdobeLicencia-300x275.png\" alt=\"\" width=\"300\" height=\"275\" srcset=\"https:\/\/tickb.umh.es\/files\/2025\/11\/AdobeLicencia-300x275.png 300w, https:\/\/tickb.umh.es\/files\/2025\/11\/AdobeLicencia.png 500w\" sizes=\"(max-width: 300px) 100vw, 300px\" \/><\/li>\n<li>Veur\u00e0s que se&#8217;ns ofereix la possibilitat d&#8217;<b>alliberar la llic\u00e8ncia<\/b> d&#8217;un dels nostres ordinadors, per la qual cosa seleccionarem un d&#8217;ells i prem\u00e9rem en <b>\u201cTanca la sessi\u00f3\u201d<\/b>.<\/li>\n<li>Despr\u00e9s d&#8217;aix\u00f2, ja tindrem la nostra llic\u00e8ncia d&#8217;Adobe activa en el nou equip.<\/li>\n<\/ol>\n<p><\/p>","protected":false},"excerpt":{"rendered":"<p>La Universitat disposa de llic\u00e8ncia d&#8217;Adobe Acrobat Professional que et permetr\u00e0 l&#8217;activaci\u00f3 del producte en fins a dos equips de treball amb el teu compte UMH.<br \/>\nAquesta llic\u00e8ncia est\u00e0 disponible per al personal PTGAS, PDI i PI, sempre que s&#8217;utilitze per a activitats acad\u00e8miques i administratives relacionades amb la Universitat.<br \/>\nSi superem el l\u00edmit d&#8217;activacions de producte, [&#8230;]<\/p>\n","protected":false},"author":88,"featured_media":0,"parent":80,"menu_order":0,"comment_status":"closed","ping_status":"closed","template":"","meta":{"_links_to":"","_links_to_target":""},"_links":{"self":[{"href":"https:\/\/tickb.umh.es\/ca\/wp-json\/wp\/v2\/pages\/2144"}],"collection":[{"href":"https:\/\/tickb.umh.es\/ca\/wp-json\/wp\/v2\/pages"}],"about":[{"href":"https:\/\/tickb.umh.es\/ca\/wp-json\/wp\/v2\/types\/page"}],"author":[{"embeddable":true,"href":"https:\/\/tickb.umh.es\/ca\/wp-json\/wp\/v2\/users\/88"}],"replies":[{"embeddable":true,"href":"https:\/\/tickb.umh.es\/ca\/wp-json\/wp\/v2\/comments?post=2144"}],"version-history":[{"count":0,"href":"https:\/\/tickb.umh.es\/ca\/wp-json\/wp\/v2\/pages\/2144\/revisions"}],"up":[{"embeddable":true,"href":"https:\/\/tickb.umh.es\/ca\/wp-json\/wp\/v2\/pages\/80"}],"wp:attachment":[{"href":"https:\/\/tickb.umh.es\/ca\/wp-json\/wp\/v2\/media?parent=2144"}],"curies":[{"name":"wp","href":"https:\/\/api.w.org\/{rel}","templated":true}]}}